{"id":1005,"date":"2022-12-26T13:18:24","date_gmt":"2022-12-26T13:18:24","guid":{"rendered":"https:\/\/av-tkennabeuren.de\/wpress\/?page_id=1005"},"modified":"2025-03-09T12:03:33","modified_gmt":"2025-03-09T12:03:33","slug":"unsere-jugend","status":"publish","type":"page","link":"https:\/\/av-tkennabeuren.de\/wpress\/?page_id=1005","title":{"rendered":"Unsere Jugend"},"content":{"rendered":"\n<h2 class=\"wp-block-heading\" id=\"musikzwerge\"><a href=\"#musikzwerge\" title=\"\">Musikzwerge<\/a><\/h2>\n\n\n\n<h4 class=\"wp-block-heading\"><em>Musikzwerge \u2013 Kleine Entdecker, gro\u00dfe T\u00f6ne!<\/em><\/h4>\n\n\n\n<div class=\"wp-block-group\"><div class=\"wp-block-group__inner-container is-layout-constrained wp-block-group-is-layout-constrained\">\n<div class=\"wp-block-group is-vertical is-layout-flex wp-container-core-group-is-layout-8cf370e7 wp-block-group-is-layout-flex\">\n<p class=\"has-text-align-left\">Unser Musikzwerge-Kurs richtet sich an Kinder ab 3 Jahren und bietet einen fr\u00f6hlichen, spielerischen Zugang zur Musik. Durch Singen, Klatschen, Tanzen und einfache Rhythmusinstrumente entdecken die Kleinsten erste musikalische Erfahrungen in einer liebevollen und entspannten Umgebung.<\/p>\n\n\n\n<p>Was erwartet die Kinder?<\/p>\n\n\n\n<ul class=\"wp-block-list\">\n<li>Spielerisches Erleben von Rhythmus &amp; Melodie<\/li>\n\n\n\n<li>Erste Erfahrungen mit Orff-Instrumenten wie Rasseln &amp; Trommeln<\/li>\n\n\n\n<li>F\u00f6rderung von Sprachentwicklung, Motorik &amp; sozialem Miteinander<\/li>\n<\/ul>\n\n\n\n<p>Geleitet wird der Kurs von Melissa Schwertle (Musikp\u00e4dagogische Fachkraft in fr\u00fchkindlicher Bildung) die mit viel Freude und Einf\u00fchlungsverm\u00f6gen die Kinder behutsam an die Musik heranf\u00fchrt.<\/p>\n\n\n\n<p>Wir freuen uns darauf, gemeinsam mit euren kleinen Musikzwergen die ersten musikalischen Schritte zu gehen!<\/p>\n\n\n\n<ul class=\"wp-block-list\">\n<li><strong>Kursl\u00e4nge: <\/strong>1 Schuljahr (ausgenommen Ferien) aufgeteilt in 3 Bl\u00f6cke (Beginn nach den Sommerferien)<\/li>\n\n\n\n<li><strong>Anmeldung &amp; Informationen:<\/strong> Kursleiterin Melissa Schwertle (Tel.-Nr.: 0157\/88865045) oder Jugendleiterin Leonie Loritz (Tel.-Nr.: 0151\/68831359 oder per Mail an <a href=\"mailto:jugendleiter@av-tkennabeuren.de\">jugendleiter@av-tkennabeuren.de<\/a>)<\/li>\n<\/ul>\n<\/div>\n<\/div><\/div>\n\n\n\n<p><\/p>\n\n\n\n<h2 class=\"wp-block-heading\" id=\"frueherziehung\"><a href=\"#frueherziehung\" title=\"Musikalische Fr\u00fcherziehung\">Musikalische Fr\u00fcherziehung<\/a><\/h2>\n\n\n\n<h4 class=\"wp-block-heading\"><em>Musikalische Fr\u00fcherziehung \u2013 Spielerisch die Welt der Musik entdecken!<\/em><\/h4>\n\n\n\n<p>Unser Kurs bietet Kindern einen fr\u00f6hlichen und kreativen Einstieg in die Musik. Durch Singen, Klatschen und Bewegungsspiele erleben sie Rhythmus und Melodie auf nat\u00fcrliche Weise. Mit Instrumenten wie Trommeln und Klangst\u00e4ben entdecken sie spielerisch die Vielfalt der Kl\u00e4nge und entwickeln dabei ihre motorischen, sozialen und kognitiven F\u00e4higkeiten.<\/p>\n\n\n\n<p>Was erwartet die Kinder?<\/p>\n\n\n\n<ul class=\"wp-block-list\">\n<li>Rhythmus entdecken mit Instrumenten wie Trommeln und Klangst\u00e4ben<\/li>\n\n\n\n<li>F\u00f6rderung von Fantasie, Wahrnehmung und Kreativit\u00e4t<\/li>\n\n\n\n<li>St\u00e4rkung der Pers\u00f6nlichkeit und soziale Entwicklung durch gemeinsames Musizieren<\/li>\n\n\n\n<li>Erste Erfahrungen mit Musiklehre<\/li>\n<\/ul>\n\n\n\n<p>Unser Kurs richtet sich an musikbegeisterte Kinder ab 4 bzw. 5 Jahren und besteht aus zwei Teilen, die jeweils ein Schuljahr dauern (Ferien ausgenommen). Ein Einstieg in den zweiten Kursteil ist m\u00f6glich. Der Kurs beginnt j\u00e4hrlich nach den Sommerferien. Geleitet wird der Kurs von Melissa Schwertle, Klarinettistin und Erzieherin, die zus\u00e4tzlich eine Weiterbildung als musikp\u00e4dagogische Fachkraft in fr\u00fchkindlicher Bildung absolviert hat. Mit viel Erfahrung und Begeisterung f\u00fchrt sie die Kinder spielerisch an die Musik heran.<\/p>\n\n\n\n<p>Neugierig geworden? Dann informiere dich bei Melissa Schwertle oder Jugendleiterin Leonie Loritz und erm\u00f6gliche deinem Kind einen spielerischen Einstieg ins Musizieren!<\/p>\n\n\n\n<ul class=\"wp-block-list\">\n<li><strong>Kursl\u00e4nge: <\/strong>Pro Kurs ein Schuljahr (ausgenommen Ferien) (Teil 1 ab 4 Jahren \/ Teil 2 ab 5 Jahren)<\/li>\n\n\n\n<li><strong>Anmeldung &amp; Informationen:<\/strong> Kursleiterin Melissa Schwertle (Tel.-Nr.: 0157\/88865045) oder Jugendleiterin Leonie Loritz (Tel.-Nr.: 0151\/68831359 oder per Mail an <a href=\"mailto:jugendleiter@av-tkennabeuren.de\">jugendleiter@av-tkennabeuren.de<\/a>)<\/li>\n<\/ul>\n\n\n\n<p><\/p>\n\n\n\n<h2 class=\"wp-block-heading\" id=\"blockfloeten\"><a href=\"#blockfloeten\" title=\"Blockfl\u00f6tenausbildung\">Blockfl\u00f6tenausbildung<\/a><\/h2>\n\n\n\n<h4 class=\"wp-block-heading\"><em>Blockfl\u00f6tenausbildung &#8211; T\u00f6ne entdecken, Musik erleben \u2013 Blockfl\u00f6te macht Spa\u00df!<\/em><\/h4>\n\n\n\n<p>Das Erlernen der Blockfl\u00f6te ist eine wunderbare M\u00f6glichkeit, den Einstieg in die Welt der Musik zu finden. Besonders f\u00fcr Kinder bietet sie eine tolle Gelegenheit musikalische Grundlagen wie Rhythmus, Melodie und Harmonie zu erlernen. In der Blockfl\u00f6tenausbildung lernen die Sch\u00fclerinnen und Sch\u00fcler nicht nur die technischen Aspekte des Instruments, wie die richtige Handhaltung, Atmung und Fingertechnik, sondern entwickeln auch ein gutes Geh\u00f6r f\u00fcr Musik. Der Unterricht erfolgt in kleinen Gruppen und f\u00f6rdert neben der musikalischen Technik auch das kreative Spiel und die Freude an der Musik. Schon nach kurzer Zeit k\u00f6nnen die ersten einfachen Melodien gespielt werden, und die Sch\u00fcler erleben sofort Erfolgserlebnisse, die ihre Motivation steigern.<\/p>\n\n\n\n<ul class=\"wp-block-list\">\n<li><strong>Kursinformationen: <\/strong>W\u00f6chentlich 60 min (ausgenommen Ferien)<\/li>\n\n\n\n<li><strong>Kursl\u00e4nge:<\/strong> 2 Schuljahre, Start nach den Sommerferien<\/li>\n\n\n\n<li><strong>Anmeldung &amp; Informationen:<\/strong> Jugendleiterin Leonie Loritz (Tel.-Nr.: 0151\/68831359 oder per Mail an jugendleiter@av-tkennabeuren.de)<\/li>\n<\/ul>\n\n\n\n<p><\/p>\n\n\n\n<h2 class=\"wp-block-heading\" id=\"instrument\"><a href=\"#instrument\" title=\"\">Instrumentenausbildung<\/a><\/h2>\n\n\n\n<h4 class=\"wp-block-heading\">Instrumentenausbildung \u2013 vom ersten Ton zum gro\u00dfen Klang!<\/h4>\n\n\n\n<p>Ab einem Alter von 9 Jahren haben junge Musikerinnen und Musiker die M\u00f6glichkeit ein Instrument ihrer Wahl erlernen und ihre musikalischen F\u00e4higkeiten Schritt f\u00fcr Schritt zu entwickeln. Dabei bieten qualifizierte Lehrerinnen und Lehrer eine individuelle Ausbildung, die auf die Bed\u00fcrfnisse jedes einzelnen Kindes abgestimmt ist. Neben der Vermittlung der musikalischen Technik steht auch die F\u00f6rderung von Konzentration und Durchhalteverm\u00f6gen im Vordergrund. Kinder und Jugendliche lernen, sich musikalisch auszudr\u00fccken und erfahren durch regelm\u00e4\u00dfige Fortschritte das Erfolgserlebnis, das Musizieren mit sich bringt.<br>Es werden folgende Instrumente zum Unterricht angeboten:<\/p>\n\n\n\n<p>Querfl\u00f6te, Klarinette, Oboe, Saxophon, Posaune, Trompete, Fl\u00fcgelhorn, Tenorhorn, Waldhorn, Tuba und Schlagzeug<\/p>\n\n\n\n<p>Die Instrumentalausbildung wird von der Albverein-Trachtenkapelle Ennabeuren aktiv gef\u00f6rdert und auch finanziell bezuschusst. Auch unterst\u00fctzen wir unsere Jungmusiker bei der Teilnahme an D1-, D2- und D3-Lehrg\u00e4ngen des Blasmusikverbandes Ulm\/Alb-Donau mit Theorieunterricht zur Vorbereitung, sowie mit der \u00dcbernahme der Lehrgangsgeb\u00fchren.<\/p>\n\n\n\n<ul class=\"wp-block-list\">\n<li><strong>Kursinformationen: <\/strong>W\u00f6chentlich 30 oder 45 min (ausgenommen Ferien)<\/li>\n\n\n\n<li><strong>Anmeldung &amp; Information:<\/strong> Jugendleiterin Leonie Loritz (Tel.-Nr.: 0151\/68831359 oder per Mail an <a href=\"mailto:jugendleiter@av-tkennabeuren.de\">jugendleiter@av-tkennabeuren.de<\/a>)<\/li>\n<\/ul>\n\n\n\n<p><\/p>\n\n\n\n<h2 class=\"wp-block-heading\" id=\"vororchester\"><a href=\"#vororchester\" title=\"\">Vororchester und Jugendkapelle<\/a><\/h2>\n\n\n\n<p>Unser Vororchester bereitet unsere j\u00fcngsten Musikerinnen und Musiker am Instrument auf die Jugendkapelle vor. Hier wird der erste Grundstein f\u00fcr eine musikalische Ausbildung, in der Technik, Rhythmusgef\u00fchl und das Zusammenspiel mit anderen Musikern spielerisch vermittelt. Mit viel Spa\u00df und Motivation erlernen die Kinder des Vororchesters grundlegende Musikst\u00fccke und erproben das Zusammenspiel in der Gruppe. Es werden erste Erfahrungen im Orchestermusizieren gesammelt und die Freude an der Musik entdeckt. Die Proben finden nach Absprache in Phasen im Jahr statt.<\/p>\n\n\n\n<p>Die Jugendkapelle bildet das zentrale Element der musikalischen Nachwuchsarbeit in unserem Verein. Hier kommen junge Musikerinnen und Musiker zusammen, um gemeinsam Musik zu machen, sich weiterzuentwickeln und vor allem Spa\u00df zu haben! Wir bieten Jugendlichen die M\u00f6glichkeit, ihr musikalisches K\u00f6nnen in einem motivierenden Umfeld zu verbessern und wertvolle Erfahrungen im Zusammenspiel mit anderen zu sammeln. Mit einem abwechslungsreichen Repertoire aus moderner und traditioneller Blasmusik bereiten wir uns auf verschiedene Auftritte und Konzerte vor.<\/p>\n\n\n\n<p>Neben den musikalischen Proben stehen bei uns auch gemeinsame Aktivit\u00e4ten und Ausfl\u00fcge auf dem Programm, um den Teamgeist und die Gemeinschaft innerhalb der Kapelle zu st\u00e4rken.<\/p>\n\n\n\n<p>Neue Mitglieder sind bei uns jederzeit herzlich willkommen! Wenn du ein Instrument spielst und Lust hast, Teil einer tollen Gemeinschaft zu werden, dann melde dich bei uns und werde ein Teil unserer Jugendkapelle! Wir freuen uns auf dich!<\/p>\n\n\n\n<p>Zurzeit spielen wir in einer Projekt-Jugendkapelle gemeinsam mit der Jugendkapelle der Stadtkapelle Musikverein Laichingen. Die Proben finden freitags monatlich abwechselnd in Laichingen und Ennabeuren statt. Die Jugendkapelle wird von Reiner Manz geleitet.<\/p>\n\n\n\n<ul class=\"wp-block-list\">\n<li><strong>Anmeldung &amp; Information:<\/strong> Jugendleiterin Leonie Loritz (Tel.-Nr.: 0151\/68831359 oder per Mail an jugendleiter@av-tkennabeuren.de)<\/li>\n<\/ul>\n\n\n\n<p><\/p>\n\n\n\n<h4 class=\"wp-block-heading\" id=\"jformular\"><a href=\"#jformular\" title=\"\">Du hast Interesse oder Fragen? Kontaktiere uns gerne!<\/a><\/h4>\n\n\n\n<div class=\"wp-block-contact-form-7-contact-form-selector\">\n<div class=\"wpcf7 no-js\" id=\"wpcf7-f1144-o1\" lang=\"de-DE\" dir=\"ltr\" data-wpcf7-id=\"1144\">\n<div class=\"screen-reader-response\"><p role=\"status\" aria-live=\"polite\" aria-atomic=\"true\"><\/p> <ul><\/ul><\/div>\n<form action=\"\/wpress\/index.php?rest_route=%2Fwp%2Fv2%2Fpages%2F1005#wpcf7-f1144-o1\" method=\"post\" class=\"wpcf7-form init\" aria-label=\"Kontaktformular\" novalidate=\"novalidate\" data-status=\"init\">\n<fieldset class=\"hidden-fields-container\"><input type=\"hidden\" name=\"_wpcf7\" value=\"1144\" \/><input type=\"hidden\" name=\"_wpcf7_version\" value=\"6.1.5\" \/><input type=\"hidden\" name=\"_wpcf7_locale\" value=\"de_DE\" \/><input type=\"hidden\" name=\"_wpcf7_unit_tag\" value=\"wpcf7-f1144-o1\" \/><input type=\"hidden\" name=\"_wpcf7_container_post\" value=\"0\" \/><input type=\"hidden\" name=\"_wpcf7_posted_data_hash\" value=\"\" \/><input type=\"hidden\" name=\"_wpcf7_recaptcha_response\" value=\"\" \/>\n<\/fieldset>\n<p><label> Dein Name<br \/>\n<span class=\"wpcf7-form-control-wrap\" data-name=\"your-name\"><input size=\"40\" maxlength=\"400\" class=\"wpcf7-form-control wpcf7-text wpcf7-validates-as-required\" aria-required=\"true\" aria-invalid=\"false\" value=\"\" type=\"text\" name=\"your-name\" \/><\/span> <\/label>\n<\/p>\n<p><label> Deine E-Mail-Adresse<br \/>\n<span class=\"wpcf7-form-control-wrap\" data-name=\"your-email\"><input size=\"40\" maxlength=\"400\" class=\"wpcf7-form-control wpcf7-email wpcf7-validates-as-required wpcf7-text wpcf7-validates-as-email\" aria-required=\"true\" aria-invalid=\"false\" value=\"\" type=\"email\" name=\"your-email\" \/><\/span> <\/label>\n<\/p>\n<p><label> Betreff<br \/>\n<span class=\"wpcf7-form-control-wrap\" data-name=\"your-subject\"><input size=\"40\" maxlength=\"400\" class=\"wpcf7-form-control wpcf7-text wpcf7-validates-as-required\" aria-required=\"true\" aria-invalid=\"false\" value=\"\" type=\"text\" name=\"your-subject\" \/><\/span> <\/label>\n<\/p>\n<p><label> Deine Nachricht (optional)<br \/>\n<span class=\"wpcf7-form-control-wrap\" data-name=\"your-message\"><textarea cols=\"40\" rows=\"10\" maxlength=\"2000\" class=\"wpcf7-form-control wpcf7-textarea\" aria-invalid=\"false\" name=\"your-message\"><\/textarea><\/span> <\/label>\n<\/p>\n<p><input class=\"wpcf7-form-control wpcf7-submit has-spinner\" type=\"submit\" value=\"Senden\" \/>\n<\/p><div class=\"wpcf7-response-output\" aria-hidden=\"true\"><\/div>\n<\/form>\n<\/div>\n<\/div>\n","protected":false},"excerpt":{"rendered":"<p>Musikzwerge Musikzwerge \u2013 Kleine Entdecker, gro\u00dfe T\u00f6ne! Unser Musikzwerge-Kurs richtet sich an Kinder ab 3 Jahren und bietet einen fr\u00f6hlichen, spielerischen Zugang zur Musik. Durch Singen, Klatschen, Tanzen und einfache Rhythmusinstrumente entdecken die Kleinsten erste musikalische Erfahrungen in einer liebevollen und entspannten Umgebung. Was erwartet die Kinder? Geleitet wird der Kurs von Melissa Schwertle (Musikp\u00e4dagogische [&hellip;]<\/p>\n","protected":false},"author":1,"featured_media":0,"parent":0,"menu_order":0,"comment_status":"closed","ping_status":"closed","template":"","meta":{"footnotes":""},"class_list":["post-1005","page","type-page","status-publish","hentry"],"aioseo_notices":[],"_links":{"self":[{"href":"https:\/\/av-tkennabeuren.de\/wpress\/index.php?rest_route=\/wp\/v2\/pages\/1005","targetHints":{"allow":["GET"]}}],"collection":[{"href":"https:\/\/av-tkennabeuren.de\/wpress\/index.php?rest_route=\/wp\/v2\/pages"}],"about":[{"href":"https:\/\/av-tkennabeuren.de\/wpress\/index.php?rest_route=\/wp\/v2\/types\/page"}],"author":[{"embeddable":true,"href":"https:\/\/av-tkennabeuren.de\/wpress\/index.php?rest_route=\/wp\/v2\/users\/1"}],"replies":[{"embeddable":true,"href":"https:\/\/av-tkennabeuren.de\/wpress\/index.php?rest_route=%2Fwp%2Fv2%2Fcomments&post=1005"}],"version-history":[{"count":11,"href":"https:\/\/av-tkennabeuren.de\/wpress\/index.php?rest_route=\/wp\/v2\/pages\/1005\/revisions"}],"predecessor-version":[{"id":1158,"href":"https:\/\/av-tkennabeuren.de\/wpress\/index.php?rest_route=\/wp\/v2\/pages\/1005\/revisions\/1158"}],"wp:attachment":[{"href":"https:\/\/av-tkennabeuren.de\/wpress\/index.php?rest_route=%2Fwp%2Fv2%2Fmedia&parent=1005"}],"curies":[{"name":"wp","href":"https:\/\/api.w.org\/{rel}","templated":true}]}}